{"id":1107,"date":"2018-06-29T19:56:22","date_gmt":"2018-06-29T22:56:22","guid":{"rendered":"https:\/\/ifdgomez-crr.infd.edu.ar\/sitio\/actividades\/"},"modified":"2018-08-13T01:46:17","modified_gmt":"2018-08-13T04:46:17","slug":"actividades","status":"publish","type":"page","link":"https:\/\/ifdgomez-crr.infd.edu.ar\/sitio\/actividades\/","title":{"rendered":"Actividades Sub-sede"},"content":{"rendered":"<p style=\"text-align: center;\"><span style=\"color: #0000ff; background-color: #ccffff;\"><strong><span style=\"font-size: 12pt;\">\u00abACTO COLACI\u00d3N 2018\u00bb<\/span><\/strong><\/span><\/p>\n<p style=\"text-align: justify;\"><span style=\"color: #3366ff; background-color: #ffffff;\"><strong><span style=\"font-size: 12pt;\">El s\u00e1bado 28 de abril se llev\u00f3 a cabo en las instalaciones del sal\u00f3n parroquial de Yapey\u00fa el Acto de Colaci\u00f3n de Grado de nuestra Subsede del Instituto Superior de Formaci\u00f3n Docente \u00abProfesor Agust\u00edn G\u00f3mez\u00bb, con sus respectivas autoridades institucionales, municipales y provinciales, docentes, estudiantes y familias.<br \/>\n\u00a1Felicitaciones flamantes Egresados de la Segunda Promoci\u00f3n de la \u00abTecnicatura Superior en Infraestructura Inform\u00e1tica\u00bb y de la Primera Promoci\u00f3n del \u00abProfesorado de Educaci\u00f3n Primaria\u00bb!<\/span><\/strong><\/span><\/p>\n<p style=\"text-align: justify;\"><span style=\"color: #3366ff; background-color: #ffffff;\"><strong><span style=\"font-size: 12pt;\"><img decoding=\"async\" title=\"\" src=\"https:\/\/ifdgomez-crr.infd.edu.ar\/sitio\/wp-content\/uploads\/2018\/06\/32116426_10216170191028234_4713719138411872256_n.jpg\" alt=\"\" border=\"0\" \/><img decoding=\"async\" title=\"\" src=\"https:\/\/ifdgomez-crr.infd.edu.ar\/sitio\/wp-content\/uploads\/2018\/06\/32169359_10216170190668225_332742244681383936_n_2.jpg\" alt=\"\" border=\"0\" \/><img decoding=\"async\" title=\"\" src=\"https:\/\/ifdgomez-crr.infd.edu.ar\/sitio\/wp-content\/uploads\/2018\/06\/32235652_10216170191268240_524201669009866752_n.jpg\" alt=\"\" border=\"0\" \/><img decoding=\"async\" title=\"\" src=\"https:\/\/ifdgomez-crr.infd.edu.ar\/sitio\/wp-content\/uploads\/2018\/06\/32081588_10216170176067860_4136812031632211968_n.jpg\" alt=\"\" border=\"0\" \/><\/span><\/strong><\/span><\/p>\n<hr \/>\n<p style=\"text-align: center;\"><span style=\"text-decoration: underline;\"><strong><span style=\"font-size: 12pt; background-color: #ffffff; color: #333399; text-decoration: underline;\">ENCUENTRO DE INTEGRACI\u00d3N (Ciclo lectivo 2017)<\/span><\/strong><\/span><\/p>\n<p style=\"text-align: justify;\"><span style=\"font-size: 12pt; background-color: #ffffff; color: #333399;\">D\u00edas atr\u00e1s, se desarroll\u00f3 un taller de integraci\u00f3n entre alumnos del Profesorado de Lengua y Literatura del ISFD Ernesto S\u00e1bato (La Cruz) y alumnos de 3\u00ba y 4\u00ba a\u00f1o del Profesorado de Educaci\u00f3n Primaria y Profesorado en Ciencias de la Administraci\u00f3n del ISFD Prof. Agust\u00edn G\u00f3mez (Sub-Sede Yapey\u00fa). <\/span><\/p>\n<p style=\"text-align: justify;\"><span style=\"font-size: 12pt; background-color: #ffffff; color: #333399;\">La actividad gir\u00f3 en torno a la tem\u00e1tica: \u00abEL ROL DE LA MUJER &#8211; ASPECTOS DE LA VIOLENCIA DE G\u00c9NEROS\u00bb<br \/>\n<\/span><\/p>\n<p style=\"text-align: justify;\"><span style=\"font-size: 12pt; background-color: #ffffff; color: #333399;\">Se trabaj\u00f3 en grupos a partir de resoluci\u00f3n de consignas&#8230; Luego se hizo una puesta en com\u00fan para socializar lo planteado.<br \/>\n<\/span><\/p>\n<p style=\"text-align: justify;\"><span style=\"font-size: 12pt; background-color: #ffffff; color: #333399;\">Profesores responsables: MARITA SANTOS Y SEBASTI\u00c1N FRANCO.<\/span><\/p>\n<p><span style=\"font-size: 10pt;\"><br \/>\n<img decoding=\"async\" title=\"\" src=\"https:\/\/ifdgomez-crr.infd.edu.ar\/sitio\/wp-content\/uploads\/2018\/06\/Taller_mujer_3.jpg\" alt=\"\" border=\"0\" \/><br \/>\n<\/span><\/p>\n<p><span style=\"font-size: 10pt;\"><img decoding=\"async\" title=\"\" src=\"https:\/\/ifdgomez-crr.infd.edu.ar\/sitio\/wp-content\/uploads\/2018\/06\/Taller_mujer_2.jpg\" alt=\"\" border=\"0\" \/><\/span><\/p>\n<p><span style=\"font-size: 10pt;\"><img decoding=\"async\" title=\"\" src=\"https:\/\/ifdgomez-crr.infd.edu.ar\/sitio\/wp-content\/uploads\/2018\/06\/Taller_mujer_1.jpg\" alt=\"\" border=\"0\" \/><\/span><\/p>\n<hr \/>\n<p><span style=\"font-size: 10pt;\">Muchas gracias al Profesorado de Educaci\u00f3n Primaria por su colaboraci\u00f3n con pinturas en los festejos del D\u00eda del Estudiante 2017 del Municipio de Yapey\u00fa.<\/span><\/p>\n<p><span style=\"font-size: 10pt;\"><img title=\"\" alt=\"\" border=\"0\" \/><\/span><\/p>\n<p><span style=\"font-size: 10pt;\"><img decoding=\"async\" title=\"\" src=\"https:\/\/ifdgomez-crr.infd.edu.ar\/sitio\/wp-content\/uploads\/2018\/06\/Mural_2.jpg\" alt=\"\" border=\"0\" \/><\/span><\/p>\n","protected":false},"excerpt":{"rendered":"<p>\u00abACTO COLACI\u00d3N 2018\u00bb El s\u00e1bado 28 de abril se llev\u00f3 a cabo en las instalaciones del sal\u00f3n parroquial de Yapey\u00fa el Acto de Colaci\u00f3n de Grado de nuestra Subsede del Instituto Superior de Formaci\u00f3n Docente \u00abProfesor Agust\u00edn G\u00f3mez\u00bb, con sus respectivas autoridades institucionales, municipales y provinciales, docentes, estudiantes y familias. \u00a1Felicitaciones flamantes Egresados de la &#8230; <a title=\"Actividades Sub-sede\" class=\"read-more\" href=\"https:\/\/ifdgomez-crr.infd.edu.ar\/sitio\/actividades\/\" aria-label=\"More on Actividades Sub-sede\">[+]<\/a><\/p>\n","protected":false},"author":748,"featured_media":0,"parent":0,"menu_order":0,"comment_status":"closed","ping_status":"closed","template":"","meta":[],"acf":[],"_links":{"self":[{"href":"https:\/\/ifdgomez-crr.infd.edu.ar\/sitio\/wp-json\/wp\/v2\/pages\/1107"}],"collection":[{"href":"https:\/\/ifdgomez-crr.infd.edu.ar\/sitio\/wp-json\/wp\/v2\/pages"}],"about":[{"href":"https:\/\/ifdgomez-crr.infd.edu.ar\/sitio\/wp-json\/wp\/v2\/types\/page"}],"author":[{"embeddable":true,"href":"https:\/\/ifdgomez-crr.infd.edu.ar\/sitio\/wp-json\/wp\/v2\/users\/748"}],"replies":[{"embeddable":true,"href":"https:\/\/ifdgomez-crr.infd.edu.ar\/sitio\/wp-json\/wp\/v2\/comments?post=1107"}],"version-history":[{"count":2,"href":"https:\/\/ifdgomez-crr.infd.edu.ar\/sitio\/wp-json\/wp\/v2\/pages\/1107\/revisions"}],"predecessor-version":[{"id":1234,"href":"https:\/\/ifdgomez-crr.infd.edu.ar\/sitio\/wp-json\/wp\/v2\/pages\/1107\/revisions\/1234"}],"wp:attachment":[{"href":"https:\/\/ifdgomez-crr.infd.edu.ar\/sitio\/wp-json\/wp\/v2\/media?parent=1107"}],"curies":[{"name":"wp","href":"https:\/\/api.w.org\/{rel}","templated":true}]}}